{"id":13565,"date":"2013-10-08T00:00:00","date_gmt":"2013-10-07T22:00:00","guid":{"rendered":"https:\/\/michelsanti.blog\/serie-leconomie-formelle\/"},"modified":"2020-01-25T14:12:01","modified_gmt":"2020-01-25T13:12:01","slug":"serie-leconomie-formelle","status":"publish","type":"page","link":"https:\/\/michelsanti.fr\/en\/serie-leconomie-formelle","title":{"rendered":"L&#8217;Europe, chronique d&#8217;un fiasco politique et \u00e9conomique"},"content":{"rendered":"<p><img data-recalc-dims=\"1\" fetchpriority=\"high\" decoding=\"async\" class=\"size-medium wp-image-13519 alignleft\" src=\"https:\/\/i0.wp.com\/michelsanti.fr\/wp-content\/uploads\/2018\/10\/livre3.jpg?resize=182%2C300&#038;ssl=1\" alt=\"L'europe, chronique d'un fiasco \u00e9conomique et politique\" width=\"182\" height=\"300\" srcset=\"https:\/\/i0.wp.com\/michelsanti.fr\/wp-content\/uploads\/2018\/10\/livre3.jpg?resize=182%2C300&amp;ssl=1 182w, https:\/\/i0.wp.com\/michelsanti.fr\/wp-content\/uploads\/2018\/10\/livre3.jpg?resize=622%2C1024&amp;ssl=1 622w, https:\/\/i0.wp.com\/michelsanti.fr\/wp-content\/uploads\/2018\/10\/livre3.jpg?w=300&amp;ssl=1 300w, https:\/\/i0.wp.com\/michelsanti.fr\/wp-content\/uploads\/2018\/10\/livre3.jpg?w=1802&amp;ssl=1 1802w\" sizes=\"(max-width: 182px) 100vw, 182px\" \/><\/p>\n<p><b><br \/>\nExtraits de la pr\u00e9face g\u00e9n\u00e9reusement \u00e9crite par\u00a0:<\/b> <b>Christine Kerdellant Directrice adjointe de la r\u00e9daction de\u00a0<i>L&#8217;Express<\/i> Directrice de la r\u00e9daction de\u00a0<i>L&#8217;Expansion<\/i><\/b> <span style=\"text-decoration: underline;\">Le pourfendeur de la pens\u00e9e unique\u00a0<\/span> Michel Santi n\u2019est pas un \u00e9conomiste comme les autres. Par son parcours, d\u2019abord : contrairement \u00e0 ses confr\u00e8res, il n\u2019a pas appris la vie dans les manuels et les mod\u00e8les \u00e9conom\u00e9triques, il ne s\u2019est pas us\u00e9 les yeux sur les courbes, les chiffres et les tableaux Excel. Il a connu la \u00ab vraie vie \u00bb, celle de l\u2019entreprise. Pire : celle de la banque, o\u00f9 il a \u00e9t\u00e9 \u2013 tenez-vous bien\u00a0\u2013 trader\u2026 Qu\u2019est donc all\u00e9 faire un ancien\u00a0<i>golden boy<\/i>\u00a0dans cette gal\u00e8re de la macro\u00e9conomie, o\u00f9 l\u2019on ne devient pas milliardaire, pire, o\u00f9 l\u2019on se fait insulter par la reine d\u2019Angleterre parce qu\u2019on n\u2019a pas vu venir la crise ? Michel Santi n\u2019est pas un \u00e9conomiste comme les autres \u2013 par son discours tout autant. Et ceci explique aussi cela. Est-ce cet angle de vue particulier qui lui a donn\u00e9 ce regard mordant, cette pens\u00e9e iconoclaste, cette \u00e9criture ac\u00e9r\u00e9e et d\u00e9pouill\u00e9e de toute langue de bois ? Il n\u2019appartient \u00e0 aucune \u00e9cole, si ce n\u2019est celle de l\u2019intelligence et du bon sens (devenus incompatibles par les temps qui courent). Qu\u2019il s\u2019agisse des politiques \u00e9conomiques, des strat\u00e9gies des \u00c9tats, des origines de la crise ou des discours sur la r\u00e9gulation, il n\u2019h\u00e9site pas \u00e0 d\u00e9noncer les faux-semblants et les logiques en trompe-l\u2019\u0153il. Il est le pourfendeur de la pens\u00e9e unique\u2026 et des pens\u00e9es convergentes. \u00a0 <span style=\"text-decoration: underline;\">Synopsis\u00a0:<\/span> <span style=\"text-decoration: underline;\">\u00a0<\/span> <b>\u00ab Aust\u00e9riens de tous les pays\u00a0: unissez-vous ! \u00bb Telle est en effet la rengaine servie par les obsessionnels de la rigueur fiscale et budg\u00e9taire dont les arguments prennent volontairement des intonations moralisatrices afin de masquer les vrais enjeux. En effet, au-del\u00e0 de l\u2019aspect expiatoire imposant de faire des sacrifices et de se serrer la ceinture en cas de crise. Et qui pr\u00e9tend parvenir \u00e0 la vertu en empruntant le chemin de l\u2019aust\u00e9rit\u00e9. Derri\u00e8re cette lutte de classes que livrent avec ferveur et d\u00e9dain les partisans de cette rigueur, bien conscients que les \u00e9conomies budg\u00e9taires et le recul de l\u2019\u00c9tat ne feront que distribuer davantage les ressources en leur faveur. Il semblerait bien que la pr\u00e9occupation fondamentale de ces \u00ab aust\u00e9riens \u00bb soit de ne pas laisser passer cette crise sans adopter encore et toujours plus de r\u00e9formes \u00ab structurelles \u00bb. Autoriser aujourd\u2019hui des mesures de relance de la croissance et desserrer ainsi l\u2019\u00e9tau insoutenable qui \u00e9touffe les populations reviendraient en effet \u00e0\u2026 gaspiller une bonne crise, et \u00e0 n\u2019en pas tirer parti du point de vue de la rationalisation, de la d\u00e9r\u00e9gulation, comme de l\u2019am\u00e9lioration de la sacro-sainte comp\u00e9titivit\u00e9 !<\/b> <b>\u00a0<\/b> <b>Car le n\u00e9o-lib\u00e9ralisme ne sait ni ne peut prosp\u00e9rer que sur la d\u00e9solation sociale. Par exemple, ce sont ces m\u00eames aust\u00e9riens irr\u00e9ductibles qui souhaitent ardemment une envol\u00e9e des frais de financement de la dette publique fran\u00e7aise qui forcera ce pays \u00e0 enfin prendre les bonnes d\u00e9cisions pour l\u2019am\u00e9lioration de sa comp\u00e9titivit\u00e9\u2026 Pour ceux qui ne l\u2019auraient pas encore compris, nous nous retrouvons aujourd\u2019hui dans une authentique \u00ab strat\u00e9gie du choc \u00bb d\u00e9crite par Naomi Klein, o\u00f9 une infime minorit\u00e9 \u2013\u00a0ai-je prononc\u00e9 le terme d\u2019\u00e9lite ?\u00a0\u2013 exploite les malheurs et profite des d\u00e9sastres afin de renforcer son pouvoir. Le citoyen europ\u00e9en n\u2019a pourtant pas demand\u00e9 cette dette publique colossale, comme il n\u2019en est pas responsable. Tr\u00e8s clairement, ce ne sont pas les d\u00e9penses sociales qui sont coupables d\u2019avoir creus\u00e9 nos d\u00e9ficits. Ce sont les sauvetages bancaires. De ces m\u00eames \u00e9tablissements financiers ayant amass\u00e9 des fortunes par la gr\u00e2ce de la financiarisation, elle-m\u00eame destin\u00e9e \u00e0 anesth\u00e9sier une population europ\u00e9enne dont les revenus \u00e9taient inversement proportionnels \u00e0 la productivit\u00e9 de ses entreprises. Et ce, dans un contexte o\u00f9, du fait d\u2019une redistribution d\u00e9ficitaire op\u00e9r\u00e9e par nos \u00c9tats, nous avons \u00e9t\u00e9 encourag\u00e9s au cr\u00e9dit qui devait nous donner l\u2019illusion de la stabilit\u00e9 de notre niveau de vie.<\/b> <b>\u00a0<\/b> <b>Europ\u00e9ens, avez-vous vraiment voulu de cette dette ? \u00cates-vous seulement conscients que ce d\u00e9bat sur l\u2019aust\u00e9rit\u00e9 n\u2019est que la version moderne de la lutte des classes ?<\/b><\/p>\n<p><strong>Commander sur <a title=\"Amazon\" href=\"http:\/\/www.amazon.fr\/LEurope-SANTI-MICHEL\/dp\/2343017654\/ref=sr_1_3?ie=UTF8&amp;qid=1385105268&amp;sr=8-3&amp;keywords=michel+santi\" target=\"_blank\" rel=\"noopener noreferrer\">Amazon.fr en cliquant ici !<\/a><\/strong><\/p>\n","protected":false},"excerpt":{"rendered":"<p>Extraits de la pr\u00e9face g\u00e9n\u00e9reusement \u00e9crite par\u00a0: Christine Kerdellant Directrice adjointe de la r\u00e9daction de\u00a0L&#8217;Express Directrice de la r\u00e9daction de\u00a0L&#8217;Expansion Le pourfendeur de la pens\u00e9e unique\u00a0 Michel Santi n\u2019est pas un \u00e9conomiste comme les autres. Par son parcours, d\u2019abord : contrairement \u00e0 ses confr\u00e8res, il n\u2019a pas appris la vie dans les manuels et les&hellip;<\/p>\n","protected":false},"author":4,"featured_media":13519,"parent":0,"menu_order":0,"comment_status":"open","ping_status":"open","template":"","meta":{"give_campaign_id":0,"_crdt_document":"","_exactmetrics_skip_tracking":false,"_exactmetrics_sitenote_active":false,"_exactmetrics_sitenote_note":"","_exactmetrics_sitenote_category":0,"footnotes":""},"class_list":["post-13565","page","type-page","status-publish","has-post-thumbnail","hentry"],"yoast_head":"<!-- This site is optimized with the Yoast SEO plugin v27.4 - https:\/\/yoast.com\/product\/yoast-seo-wordpress\/ -->\n<title>L&#039;Europe, chronique d&#039;un fiasco politique et \u00e9conomique - Michel Santi<\/title>\n<meta name=\"description\" content=\"Le pourfendeur de la pens\u00e9e unique\u00a0 Michel Santi n\u2019est pas un \u00e9conomiste comme les autres. Il a connu la \u00ab vraie vie \u00bb, celle de l\u2019entreprise. Pire : celle de la banque, o\u00f9 il a \u00e9t\u00e9 \u2013 tenez-vous bien\u00a0\u2013 trader\u2026\" \/>\n<meta name=\"robots\" content=\"index, follow, max-snippet:-1, max-image-preview:large, max-video-preview:-1\" \/>\n<link rel=\"canonical\" href=\"https:\/\/michelsanti.fr\/serie-leconomie-formelle\" \/>\n<meta property=\"og:locale\" content=\"en_US\" \/>\n<meta property=\"og:type\" content=\"article\" \/>\n<meta property=\"og:title\" content=\"L&#039;Europe, chronique d&#039;un fiasco politique et \u00e9conomique - Michel Santi\" \/>\n<meta property=\"og:description\" content=\"Le pourfendeur de la pens\u00e9e unique\u00a0 Michel Santi n\u2019est pas un \u00e9conomiste comme les autres. Il a connu la \u00ab vraie vie \u00bb, celle de l\u2019entreprise. Pire : celle de la banque, o\u00f9 il a \u00e9t\u00e9 \u2013 tenez-vous bien\u00a0\u2013 trader\u2026\" \/>\n<meta property=\"og:url\" content=\"https:\/\/michelsanti.fr\/serie-leconomie-formelle\" \/>\n<meta property=\"og:site_name\" content=\"Michel Santi\" \/>\n<meta property=\"article:publisher\" content=\"https:\/\/www.facebook.com\/michel.santi.economiste\" \/>\n<meta property=\"article:modified_time\" content=\"2020-01-25T13:12:01+00:00\" \/>\n<meta property=\"og:image\" content=\"https:\/\/i1.wp.com\/michelsanti.fr\/wp-content\/uploads\/2018\/10\/livre3.jpg?fit=1802%2C2968&ssl=1\" \/>\n\t<meta property=\"og:image:width\" content=\"1802\" \/>\n\t<meta property=\"og:image:height\" content=\"2968\" \/>\n\t<meta property=\"og:image:type\" content=\"image\/jpeg\" \/>\n<meta name=\"twitter:card\" content=\"summary_large_image\" \/>\n<meta name=\"twitter:site\" content=\"@michelsanti1\" \/>\n<meta name=\"twitter:label1\" content=\"Est. reading time\" \/>\n\t<meta name=\"twitter:data1\" content=\"4 minutes\" \/>\n<script type=\"application\/ld+json\" class=\"yoast-schema-graph\">{\"@context\":\"https:\\\/\\\/schema.org\",\"@graph\":[{\"@type\":\"WebPage\",\"@id\":\"https:\\\/\\\/michelsanti.fr\\\/serie-leconomie-formelle\",\"url\":\"https:\\\/\\\/michelsanti.fr\\\/serie-leconomie-formelle\",\"name\":\"L'Europe, chronique d'un fiasco politique et \u00e9conomique - Michel Santi\",\"isPartOf\":{\"@id\":\"https:\\\/\\\/michelsanti.fr\\\/#website\"},\"primaryImageOfPage\":{\"@id\":\"https:\\\/\\\/michelsanti.fr\\\/serie-leconomie-formelle#primaryimage\"},\"image\":{\"@id\":\"https:\\\/\\\/michelsanti.fr\\\/serie-leconomie-formelle#primaryimage\"},\"thumbnailUrl\":\"https:\\\/\\\/i0.wp.com\\\/michelsanti.fr\\\/wp-content\\\/uploads\\\/2018\\\/10\\\/livre3.jpg?fit=1802%2C2968&ssl=1\",\"datePublished\":\"2013-10-07T22:00:00+00:00\",\"dateModified\":\"2020-01-25T13:12:01+00:00\",\"description\":\"Le pourfendeur de la pens\u00e9e unique\u00a0 Michel Santi n\u2019est pas un \u00e9conomiste comme les autres. Il a connu la \u00ab vraie vie \u00bb, celle de l\u2019entreprise. Pire : celle de la banque, o\u00f9 il a \u00e9t\u00e9 \u2013 tenez-vous bien\u00a0\u2013 trader\u2026\",\"breadcrumb\":{\"@id\":\"https:\\\/\\\/michelsanti.fr\\\/serie-leconomie-formelle#breadcrumb\"},\"inLanguage\":\"en-US\",\"potentialAction\":[{\"@type\":\"ReadAction\",\"target\":[\"https:\\\/\\\/michelsanti.fr\\\/serie-leconomie-formelle\"]}]},{\"@type\":\"ImageObject\",\"inLanguage\":\"en-US\",\"@id\":\"https:\\\/\\\/michelsanti.fr\\\/serie-leconomie-formelle#primaryimage\",\"url\":\"https:\\\/\\\/i0.wp.com\\\/michelsanti.fr\\\/wp-content\\\/uploads\\\/2018\\\/10\\\/livre3.jpg?fit=1802%2C2968&ssl=1\",\"contentUrl\":\"https:\\\/\\\/i0.wp.com\\\/michelsanti.fr\\\/wp-content\\\/uploads\\\/2018\\\/10\\\/livre3.jpg?fit=1802%2C2968&ssl=1\",\"width\":1802,\"height\":2968,\"caption\":\"L'europe, chronique d'un fiasco \u00e9conomique et politique\"},{\"@type\":\"BreadcrumbList\",\"@id\":\"https:\\\/\\\/michelsanti.fr\\\/serie-leconomie-formelle#breadcrumb\",\"itemListElement\":[{\"@type\":\"ListItem\",\"position\":1,\"name\":\"Accueil\",\"item\":\"https:\\\/\\\/michelsanti.fr\\\/\"},{\"@type\":\"ListItem\",\"position\":2,\"name\":\"L&#8217;Europe, chronique d&#8217;un fiasco politique et \u00e9conomique\"}]},{\"@type\":\"WebSite\",\"@id\":\"https:\\\/\\\/michelsanti.fr\\\/#website\",\"url\":\"https:\\\/\\\/michelsanti.fr\\\/\",\"name\":\"Michel Santi\",\"description\":\"\\\"It is not because things are difficult that we do not dare. It is because we do not dare that they seem difficult\\\", Seneca the Younger\",\"potentialAction\":[{\"@type\":\"SearchAction\",\"target\":{\"@type\":\"EntryPoint\",\"urlTemplate\":\"https:\\\/\\\/michelsanti.fr\\\/?s={search_term_string}\"},\"query-input\":{\"@type\":\"PropertyValueSpecification\",\"valueRequired\":true,\"valueName\":\"search_term_string\"}}],\"inLanguage\":\"en-US\"}]}<\/script>\n<!-- \/ Yoast SEO plugin. -->","yoast_head_json":{"title":"L'Europe, chronique d'un fiasco politique et \u00e9conomique - Michel Santi","description":"Le pourfendeur de la pens\u00e9e unique\u00a0 Michel Santi n\u2019est pas un \u00e9conomiste comme les autres. Il a connu la \u00ab vraie vie \u00bb, celle de l\u2019entreprise. Pire : celle de la banque, o\u00f9 il a \u00e9t\u00e9 \u2013 tenez-vous bien\u00a0\u2013 trader\u2026","robots":{"index":"index","follow":"follow","max-snippet":"max-snippet:-1","max-image-preview":"max-image-preview:large","max-video-preview":"max-video-preview:-1"},"canonical":"https:\/\/michelsanti.fr\/serie-leconomie-formelle","og_locale":"en_US","og_type":"article","og_title":"L'Europe, chronique d'un fiasco politique et \u00e9conomique - Michel Santi","og_description":"Le pourfendeur de la pens\u00e9e unique\u00a0 Michel Santi n\u2019est pas un \u00e9conomiste comme les autres. Il a connu la \u00ab vraie vie \u00bb, celle de l\u2019entreprise. Pire : celle de la banque, o\u00f9 il a \u00e9t\u00e9 \u2013 tenez-vous bien\u00a0\u2013 trader\u2026","og_url":"https:\/\/michelsanti.fr\/serie-leconomie-formelle","og_site_name":"Michel Santi","article_publisher":"https:\/\/www.facebook.com\/michel.santi.economiste","article_modified_time":"2020-01-25T13:12:01+00:00","og_image":[{"width":1802,"height":2968,"url":"https:\/\/i1.wp.com\/michelsanti.fr\/wp-content\/uploads\/2018\/10\/livre3.jpg?fit=1802%2C2968&ssl=1","type":"image\/jpeg"}],"twitter_card":"summary_large_image","twitter_site":"@michelsanti1","twitter_misc":{"Est. reading time":"4 minutes"},"schema":{"@context":"https:\/\/schema.org","@graph":[{"@type":"WebPage","@id":"https:\/\/michelsanti.fr\/serie-leconomie-formelle","url":"https:\/\/michelsanti.fr\/serie-leconomie-formelle","name":"L'Europe, chronique d'un fiasco politique et \u00e9conomique - Michel Santi","isPartOf":{"@id":"https:\/\/michelsanti.fr\/#website"},"primaryImageOfPage":{"@id":"https:\/\/michelsanti.fr\/serie-leconomie-formelle#primaryimage"},"image":{"@id":"https:\/\/michelsanti.fr\/serie-leconomie-formelle#primaryimage"},"thumbnailUrl":"https:\/\/i0.wp.com\/michelsanti.fr\/wp-content\/uploads\/2018\/10\/livre3.jpg?fit=1802%2C2968&ssl=1","datePublished":"2013-10-07T22:00:00+00:00","dateModified":"2020-01-25T13:12:01+00:00","description":"Le pourfendeur de la pens\u00e9e unique\u00a0 Michel Santi n\u2019est pas un \u00e9conomiste comme les autres. Il a connu la \u00ab vraie vie \u00bb, celle de l\u2019entreprise. Pire : celle de la banque, o\u00f9 il a \u00e9t\u00e9 \u2013 tenez-vous bien\u00a0\u2013 trader\u2026","breadcrumb":{"@id":"https:\/\/michelsanti.fr\/serie-leconomie-formelle#breadcrumb"},"inLanguage":"en-US","potentialAction":[{"@type":"ReadAction","target":["https:\/\/michelsanti.fr\/serie-leconomie-formelle"]}]},{"@type":"ImageObject","inLanguage":"en-US","@id":"https:\/\/michelsanti.fr\/serie-leconomie-formelle#primaryimage","url":"https:\/\/i0.wp.com\/michelsanti.fr\/wp-content\/uploads\/2018\/10\/livre3.jpg?fit=1802%2C2968&ssl=1","contentUrl":"https:\/\/i0.wp.com\/michelsanti.fr\/wp-content\/uploads\/2018\/10\/livre3.jpg?fit=1802%2C2968&ssl=1","width":1802,"height":2968,"caption":"L'europe, chronique d'un fiasco \u00e9conomique et politique"},{"@type":"BreadcrumbList","@id":"https:\/\/michelsanti.fr\/serie-leconomie-formelle#breadcrumb","itemListElement":[{"@type":"ListItem","position":1,"name":"Accueil","item":"https:\/\/michelsanti.fr\/"},{"@type":"ListItem","position":2,"name":"L&#8217;Europe, chronique d&#8217;un fiasco politique et \u00e9conomique"}]},{"@type":"WebSite","@id":"https:\/\/michelsanti.fr\/#website","url":"https:\/\/michelsanti.fr\/","name":"Michel Santi","description":"\"It is not because things are difficult that we do not dare. It is because we do not dare that they seem difficult\", Seneca the Younger","potentialAction":[{"@type":"SearchAction","target":{"@type":"EntryPoint","urlTemplate":"https:\/\/michelsanti.fr\/?s={search_term_string}"},"query-input":{"@type":"PropertyValueSpecification","valueRequired":true,"valueName":"search_term_string"}}],"inLanguage":"en-US"}]}},"campaignId":"","jetpack_sharing_enabled":true,"jetpack_shortlink":"https:\/\/wp.me\/PagvtB-3wN","jetpack_likes_enabled":true,"jetpack-related-posts":[{"id":18901,"url":"https:\/\/michelsanti.fr\/fauteuil-37","url_meta":{"origin":13565,"position":0},"title":"Fauteuil 37","author":"Michel Santi","date":"October 18, 2018","format":false,"excerpt":"J'ai l'immense plaisir de vous annoncer la publication par la Librairie Antoine (Beyrouth) de mon premier livre ne traitant pas de questions \u00e9conomiques. Aimablement pr\u00e9fac\u00e9 par Edgar Morin. Vous en trouverez ci-dessous le synopsis. Pourquoi un personnage, certes talentueux mais ne faisant pas partie du microcosme, se pr\u00e9sente-t-il \u00e0 l\u2019Acad\u00e9mie\u2026","rel":"","context":"Similar post","block_context":{"text":"Similar post","link":""},"img":{"alt_text":"Fauteuil 37","src":"https:\/\/i0.wp.com\/michelsanti.fr\/wp-content\/uploads\/2018\/10\/Fauteuil-37-300x240.jpg?resize=350%2C200&ssl=1","width":350,"height":200},"classes":[]},{"id":18903,"url":"https:\/\/michelsanti.fr\/en\/fauteuil-37","url_meta":{"origin":13565,"position":1},"title":"Fauteuil 37","author":"Michel Santi","date":"October 18, 2018","format":false,"excerpt":"I have the absolute pleasure to announce the publication by the Antoine Library (Beirut) of my first book not dealing with economic issues. Kindly prefaced by Edgar Morin. You will find below the synopsis. Pourquoi un personnage, certes talentueux mais ne faisant pas partie du microcosme, se pr\u00e9sente-t-il \u00e0 l\u2019Acad\u00e9mie\u2026","rel":"","context":"Similar post","block_context":{"text":"Similar post","link":""},"img":{"alt_text":"","src":"https:\/\/i0.wp.com\/michelsanti.fr\/wp-content\/uploads\/2018\/10\/Fauteuil-37-300x240.jpg?resize=350%2C200&ssl=1","width":350,"height":200},"classes":[]},{"id":23255,"url":"https:\/\/michelsanti.fr\/donations","url_meta":{"origin":13565,"position":2},"title":"Donations","author":"Michel Santi","date":"November 8, 2022","format":false,"excerpt":"Chers lecteurs, Ce blog est le v\u00f4tre\u00a0: je le tiens assidument avec r\u00e9gularit\u00e9 et passion. Des milliers d\u2019articles et d\u2019analyses sont \u00e0 votre disposition, dont les premiers remontent \u00e0 1993\u00a0! Mes prises de position macro \u00e9conomiques furent autrefois qualifi\u00e9es d\u2019h\u00e9t\u00e9rodoxes. Elles sont aujourd\u2019hui commun\u00e9ment admises et reconnues. Quoiqu\u2019il en soit,\u2026","rel":"","context":"Similar post","block_context":{"text":"Similar post","link":""},"img":{"alt_text":"","src":"","width":0,"height":0},"classes":[]},{"id":13541,"url":"https:\/\/michelsanti.fr\/en\/splendeurs-et-miseres-du-liberalisme","url_meta":{"origin":13565,"position":3},"title":"Splendeurs et Mis\u00e8res du Lib\u00e9ralisme","author":"Michel Santi","date":"September 23, 2012","format":false,"excerpt":"Cet ouvrage est le fruit d\u2019exp\u00e9riences professionnelles et d\u2019un cheminement personnel \u00e0 travers les m\u00e9andres du m\u00e9tier. Je m\u2019attache \u00e0 donner des cl\u00e9s, avec le double objectif de r\u00e9tablir la croissance et de se lib\u00e9rer de l\u2019emprise des march\u00e9s financiers. La compr\u00e9hension des m\u00e9canismes est effectivement cruciale afin de mettre\u2026","rel":"","context":"With 2 comments","block_context":{"text":"With 2 comments","link":"https:\/\/michelsanti.fr\/en\/splendeurs-et-miseres-du-liberalisme#comments"},"img":{"alt_text":"splendeurs et miseres du liberalisme","src":"https:\/\/i0.wp.com\/michelsanti.fr\/wp-content\/uploads\/2018\/10\/splendeurs-et-miseres-du-liberalisme-e1348420571910.jpg?fit=393%2C600&ssl=1&resize=350%2C200","width":350,"height":200},"classes":[]},{"id":13542,"url":"https:\/\/michelsanti.fr\/en\/la-presse-en-parle","url_meta":{"origin":13565,"position":4},"title":"La presse en parle !","author":"Michel Santi","date":"March 13, 2013","format":false,"excerpt":"\u00ab Ecrit par un \u00e9conomiste \u00e9rudit, ce livre est \u00ab\u00e0 ne pas rater\u00bb si l\u2019on veut comprendre la crise que nous subissons, et surtout les moyens d\u2019en sortir. Michel Santi d\u00e9monte les m\u00e9canismes qui ont conduit \u00e0 la crise de la zone euro. \u00bb Le Monde \u00ab Ouvrage lumineux sur\u2026","rel":"","context":"Similar post","block_context":{"text":"Similar post","link":""},"img":{"alt_text":"","src":"https:\/\/i0.wp.com\/michelsanti.fr\/wp-content\/uploads\/2018\/10\/cropped-Michel-Santi-1.jpg?fit=1200%2C250&ssl=1&resize=350%2C200","width":350,"height":200,"srcset":"https:\/\/i0.wp.com\/michelsanti.fr\/wp-content\/uploads\/2018\/10\/cropped-Michel-Santi-1.jpg?fit=1200%2C250&ssl=1&resize=350%2C200 1x, https:\/\/i0.wp.com\/michelsanti.fr\/wp-content\/uploads\/2018\/10\/cropped-Michel-Santi-1.jpg?fit=1200%2C250&ssl=1&resize=525%2C300 1.5x, https:\/\/i0.wp.com\/michelsanti.fr\/wp-content\/uploads\/2018\/10\/cropped-Michel-Santi-1.jpg?fit=1200%2C250&ssl=1&resize=700%2C400 2x, https:\/\/i0.wp.com\/michelsanti.fr\/wp-content\/uploads\/2018\/10\/cropped-Michel-Santi-1.jpg?fit=1200%2C250&ssl=1&resize=1050%2C600 3x"},"classes":[]},{"id":23062,"url":"https:\/\/michelsanti.fr\/en\/accueil","url_meta":{"origin":13565,"position":5},"title":"Accueil","author":"Michel Santi","date":"September 20, 2022","format":false,"excerpt":"Une jeunesse levantine Mon nouveau livre disponible ! Entre g\u00e9opolitique, personnages historiqueset infid\u00e9lit\u00e9s amoureuses...Sept ans d\u2019une vie hors du communMichel Santi nous raconte une adolescence \u00e9poustouflante, t\u00e9moin privil\u00e9gi\u00e9 de bouleversements majeurs au Proche-Orient. Gen\u00e8se des conflits qui fa\u00e7onnent aujourd'hui la r\u00e9gion. Rivalit\u00e9 entre l'Arabie Saoudite et l'Iran. Guerre Isra\u00ebl\/Palestine. Chiisme\u2026","rel":"","context":"Similar post","block_context":{"text":"Similar post","link":""},"img":{"alt_text":"Michel Santi dans son bureau","src":"https:\/\/i0.wp.com\/michelsanti.fr\/wp-content\/uploads\/2025\/04\/MS1.jpg?fit=1200%2C900&ssl=1&resize=350%2C200","width":350,"height":200,"srcset":"https:\/\/i0.wp.com\/michelsanti.fr\/wp-content\/uploads\/2025\/04\/MS1.jpg?fit=1200%2C900&ssl=1&resize=350%2C200 1x, https:\/\/i0.wp.com\/michelsanti.fr\/wp-content\/uploads\/2025\/04\/MS1.jpg?fit=1200%2C900&ssl=1&resize=525%2C300 1.5x, https:\/\/i0.wp.com\/michelsanti.fr\/wp-content\/uploads\/2025\/04\/MS1.jpg?fit=1200%2C900&ssl=1&resize=700%2C400 2x, https:\/\/i0.wp.com\/michelsanti.fr\/wp-content\/uploads\/2025\/04\/MS1.jpg?fit=1200%2C900&ssl=1&resize=1050%2C600 3x"},"classes":[]}],"amp_enabled":true,"_links":{"self":[{"href":"https:\/\/michelsanti.fr\/en\/wp-json\/wp\/v2\/pages\/13565","targetHints":{"allow":["GET"]}}],"collection":[{"href":"https:\/\/michelsanti.fr\/en\/wp-json\/wp\/v2\/pages"}],"about":[{"href":"https:\/\/michelsanti.fr\/en\/wp-json\/wp\/v2\/types\/page"}],"author":[{"embeddable":true,"href":"https:\/\/michelsanti.fr\/en\/wp-json\/wp\/v2\/users\/4"}],"replies":[{"embeddable":true,"href":"https:\/\/michelsanti.fr\/en\/wp-json\/wp\/v2\/comments?post=13565"}],"version-history":[{"count":0,"href":"https:\/\/michelsanti.fr\/en\/wp-json\/wp\/v2\/pages\/13565\/revisions"}],"wp:featuredmedia":[{"embeddable":true,"href":"https:\/\/michelsanti.fr\/en\/wp-json\/wp\/v2\/media\/13519"}],"wp:attachment":[{"href":"https:\/\/michelsanti.fr\/en\/wp-json\/wp\/v2\/media?parent=13565"}],"curies":[{"name":"wp","href":"https:\/\/api.w.org\/{rel}","templated":true}]}}